{"id":24,"date":"2025-12-11T17:00:42","date_gmt":"2025-12-11T17:00:42","guid":{"rendered":"https:\/\/immobilienschweizdaetwyler.ch\/uber-uns\/"},"modified":"2026-01-16T12:48:04","modified_gmt":"2026-01-16T12:48:04","slug":"uber-uns","status":"publish","type":"page","link":"https:\/\/immobilienschweizdaetwyler.ch\/en\/uber-uns\/","title":{"rendered":"About us"},"content":{"rendered":"\n<section class=\"alignfull is-layout-constrained relative wp-block-fancoolo-section\">\n    \n    <div class=\"alignwide\">\n        \n        <div class=\"fancoolo-block-inserter\"><\/div><\/div>\n\n<\/section>\n\n\n<div class=\"wp-block-group alignfull has-background has-global-padding is-layout-constrained wp-container-core-group-is-layout-e0384938 wp-block-group-is-layout-constrained\" style=\"background:linear-gradient(357deg,rgb(166,129,63) 0%,rgb(104,72,23) 100%);padding-top:var(--wp--preset--spacing--mega);padding-bottom:var(--wp--preset--spacing--mega)\">\n<div class=\"wp-block-group alignwide has-global-padding is-layout-constrained wp-container-core-group-is-layout-bce3fee3 wp-block-group-is-layout-constrained\">\n<h2 class=\"wp-block-heading has-text-align-center has-mega-font-size\"><strong>Team<\/strong><\/h2>\n\n\n\n<hr class=\"wp-block-separator has-alpha-channel-opacity is-style-dots\"\/>\n\n\n\n<p class=\"has-text-align-center has-white-color has-text-color has-link-color wp-elements-51f6aa03ac591e43c318a26b95b0b342\">Unser Team vereint Immobilienwissen, Marktverst\u00e4ndnis und Menschlichkeit. Jede Liegenschaft, jedes Projekt und jede Beratung wird mit derselben Sorgfalt und Aufmerksamkeit betreut.<\/p>\n\n\n\n<p class=\"has-text-align-center has-white-color has-text-color has-link-color wp-elements-3ffa400881693ee539aa2ea62ef57804\">Wir arbeiten interdisziplin\u00e4r, denken l\u00f6sungsorientiert und pflegen einen direkten, unkomplizierten Austausch mit unseren Kundinnen und Kunden.<\/p>\n<\/div>\n\n\n\n\n<div class=\"alignwide wp-block-fancoolo-teams-loop\">\n\n\n<div class=\"grid grid-cols-[repeat(auto-fit,minmax(200px,350px))] gap-md justify-center\">\n\n<div class=\"rounded-20 p-[5px] bg-gold-700 group\">\n\n    <div class=\"relative\">\n      <img loading=\"lazy\" decoding=\"async\" width=\"427\" height=\"640\" src=\"https:\/\/immobilienschweizdaetwyler.ch\/wp-content\/uploads\/2025\/12\/Portrait-Diego.jpg\" class=\"aspect-[2\/3] object-cover rounded-20 w-full relative wide:top-0 wide:group-hover:-top-xs transition-all duration-300  wp-post-image\" alt=\"Diego Nafzger, CEO Immobilien Schweiz D\u00e4twyler und Nafzger GmbH\" srcset=\"https:\/\/immobilienschweizdaetwyler.ch\/wp-content\/uploads\/2025\/12\/Portrait-Diego.jpg 427w, https:\/\/immobilienschweizdaetwyler.ch\/wp-content\/uploads\/2025\/12\/Portrait-Diego-200x300.jpg 200w\" sizes=\"auto, (max-width: 427px) 100vw, 427px\" \/>\n\n      <div class=\"absolute bottom-0 w-full h-1\/2 p-md bg-linear-to-t from-black to-black\/0 flex flex-col justify-end wide:opacity-0 group-hover:opacity-100 transition-all duration-300 rounded-20 overflow-hidden\">       \n          <h3 class=\"m-0 card-title\">Diego Nafzger<\/h3>\n          COO      <\/div>\n    <\/div>\n\n\n<\/div> \n\n    \n<div class=\"rounded-20 p-[5px] bg-gold-700 group\">\n\n    <div class=\"relative\">\n      <img loading=\"lazy\" decoding=\"async\" width=\"854\" height=\"1024\" src=\"https:\/\/immobilienschweizdaetwyler.ch\/wp-content\/uploads\/2025\/12\/Portrait-Heinz-Datwyler-854x1024.jpg\" class=\"aspect-[2\/3] object-cover rounded-20 w-full relative wide:top-0 wide:group-hover:-top-xs transition-all duration-300  wp-post-image\" alt=\"Portrait Heinz Datwyler CEO Immobilien Schweiz D\u00e4twyler &amp; Nafzger GmbH\" srcset=\"https:\/\/immobilienschweizdaetwyler.ch\/wp-content\/uploads\/2025\/12\/Portrait-Heinz-Datwyler-854x1024.jpg 854w, https:\/\/immobilienschweizdaetwyler.ch\/wp-content\/uploads\/2025\/12\/Portrait-Heinz-Datwyler-250x300.jpg 250w, https:\/\/immobilienschweizdaetwyler.ch\/wp-content\/uploads\/2025\/12\/Portrait-Heinz-Datwyler-768x921.jpg 768w, https:\/\/immobilienschweizdaetwyler.ch\/wp-content\/uploads\/2025\/12\/Portrait-Heinz-Datwyler-10x12.jpg 10w, https:\/\/immobilienschweizdaetwyler.ch\/wp-content\/uploads\/2025\/12\/Portrait-Heinz-Datwyler.jpg 1182w\" sizes=\"auto, (max-width: 854px) 100vw, 854px\" \/>\n\n      <div class=\"absolute bottom-0 w-full h-1\/2 p-md bg-linear-to-t from-black to-black\/0 flex flex-col justify-end wide:opacity-0 group-hover:opacity-100 transition-all duration-300 rounded-20 overflow-hidden\">       \n          <h3 class=\"m-0 card-title\">Heinz D\u00e4twyler<\/h3>\n          CEO      <\/div>\n    <\/div>\n\n\n<\/div> \n\n    \n<div class=\"rounded-20 p-[5px] bg-gold-700 group\">\n\n    <div class=\"relative\">\n      <img loading=\"lazy\" decoding=\"async\" width=\"737\" height=\"1024\" src=\"https:\/\/immobilienschweizdaetwyler.ch\/wp-content\/uploads\/2025\/12\/Datwyler_Marc_ohne_Krawatte_29.06.2022_A_weiss-737x1024.jpg\" class=\"aspect-[2\/3] object-cover rounded-20 w-full relative wide:top-0 wide:group-hover:-top-xs transition-all duration-300  wp-post-image\" alt=\"Marc D\u00e4twyler, Marketing &amp; Business Support Immobilien Schweiz D\u00e4twyler und Nafzger GmbH\" srcset=\"https:\/\/immobilienschweizdaetwyler.ch\/wp-content\/uploads\/2025\/12\/Datwyler_Marc_ohne_Krawatte_29.06.2022_A_weiss-737x1024.jpg 737w, https:\/\/immobilienschweizdaetwyler.ch\/wp-content\/uploads\/2025\/12\/Datwyler_Marc_ohne_Krawatte_29.06.2022_A_weiss-216x300.jpg 216w, https:\/\/immobilienschweizdaetwyler.ch\/wp-content\/uploads\/2025\/12\/Datwyler_Marc_ohne_Krawatte_29.06.2022_A_weiss-768x1067.jpg 768w, https:\/\/immobilienschweizdaetwyler.ch\/wp-content\/uploads\/2025\/12\/Datwyler_Marc_ohne_Krawatte_29.06.2022_A_weiss-1106x1536.jpg 1106w, https:\/\/immobilienschweizdaetwyler.ch\/wp-content\/uploads\/2025\/12\/Datwyler_Marc_ohne_Krawatte_29.06.2022_A_weiss-1474x2048.jpg 1474w, https:\/\/immobilienschweizdaetwyler.ch\/wp-content\/uploads\/2025\/12\/Datwyler_Marc_ohne_Krawatte_29.06.2022_A_weiss-scaled.jpg 1843w\" sizes=\"auto, (max-width: 737px) 100vw, 737px\" \/>\n\n      <div class=\"absolute bottom-0 w-full h-1\/2 p-md bg-linear-to-t from-black to-black\/0 flex flex-col justify-end wide:opacity-0 group-hover:opacity-100 transition-all duration-300 rounded-20 overflow-hidden\">       \n          <h3 class=\"m-0 card-title\">Marc Da\u0308twyler<\/h3>\n          Business Support &amp; Marketing      <\/div>\n    <\/div>\n\n\n<\/div> \n\n    <\/div>\n<\/div><\/div>\n\n\n\n<section class=\"alignfull is-layout-constrained relative wp-block-fancoolo-section\">\n    \n    <div class=\"alignwide\">\n        \n        <div class=\"fancoolo-block-inserter\"><\/div><\/div>\n\n<\/section>\n\n\n<section class=\"alignfull is-layout-constrained relative mt-0! wp-block-fancoolo-section\">\n    \n    <div class=\"narrow\">\n        \n        <div class=\"fancoolo-block-inserter\"><\/div><\/div>\n\n<\/section>","protected":false},"excerpt":{"rendered":"<p>Team Our team combines real estate knowledge, market understanding and humanity. Every property, every project and every consultation is handled with the same care and attention. We work in an interdisciplinary manner, think in a solution-oriented way and maintain a direct, uncomplicated exchange with our clients.<\/p>","protected":false},"author":1,"featured_media":0,"parent":0,"menu_order":10,"comment_status":"closed","ping_status":"closed","template":"","meta":{"_acf_changed":false,"footnotes":""},"class_list":["post-24","page","type-page","status-publish","hentry"],"acf":[],"yoast_head":"<!-- This site is optimized with the Yoast SEO plugin v27.0 - https:\/\/yoast.com\/product\/yoast-seo-wordpress\/ -->\n<title>\u00dcber uns | Immobilien Schweiz kaufen, verkaufen und mieten<\/title>\n<meta name=\"description\" content=\"Die Immobilien Schweiz D\u00e4twyler &amp; Nafzger GmbH wurde 2007 aus der Immobilien Zentralschweiz D\u00e4twyler gegr\u00fcndet. Heute stehen wir f\u00fcr pers\u00f6nliche Immobilien Schweiz D\u00e4twyler &amp; Nafzger \u2013 Ihr Partner f\u00fcr Kauf, Verkauf, Vermietung, Finanzierung und Projektentwicklung in der Zentralschweiz.\" \/>\n<meta name=\"robots\" content=\"index, follow, max-snippet:-1, max-image-preview:large, max-video-preview:-1\" \/>\n<link rel=\"canonical\" href=\"https:\/\/immobilienschweizdaetwyler.ch\/en\/uber-uns\/\" \/>\n<meta property=\"og:locale\" content=\"en_US\" \/>\n<meta property=\"og:type\" content=\"article\" \/>\n<meta property=\"og:title\" content=\"\u00dcber uns | Immobilien Schweiz kaufen, verkaufen und mieten\" \/>\n<meta property=\"og:description\" content=\"Die Immobilien Schweiz D\u00e4twyler &amp; Nafzger GmbH wurde 2007 aus der Immobilien Zentralschweiz D\u00e4twyler gegr\u00fcndet. Heute stehen wir f\u00fcr pers\u00f6nliche Immobilien Schweiz D\u00e4twyler &amp; Nafzger \u2013 Ihr Partner f\u00fcr Kauf, Verkauf, Vermietung, Finanzierung und Projektentwicklung in der Zentralschweiz.\" \/>\n<meta property=\"og:url\" content=\"https:\/\/immobilienschweizdaetwyler.ch\/en\/uber-uns\/\" \/>\n<meta property=\"og:site_name\" content=\"Immobilien Schweiz kaufen, verkaufen und mieten\" \/>\n<meta property=\"article:modified_time\" content=\"2026-01-16T12:48:04+00:00\" \/>\n<meta property=\"og:image\" content=\"https:\/\/immobilienschweizdaetwyler.ch\/wp-content\/uploads\/2025\/12\/reinach-finals-interor-3-scaled.jpg\" \/>\n<meta name=\"twitter:card\" content=\"summary_large_image\" \/>\n<meta name=\"twitter:label1\" content=\"Est. reading time\" \/>\n\t<meta name=\"twitter:data1\" content=\"1 minute\" \/>\n<script type=\"application\/ld+json\" class=\"yoast-schema-graph\">{\"@context\":\"https:\/\/schema.org\",\"@graph\":[{\"@type\":\"WebPage\",\"@id\":\"https:\/\/immobilienschweizdaetwyler.ch\/uber-uns\/\",\"url\":\"https:\/\/immobilienschweizdaetwyler.ch\/uber-uns\/\",\"name\":\"\u00dcber uns | Immobilien Schweiz kaufen, verkaufen und mieten\",\"isPartOf\":{\"@id\":\"https:\/\/immobilienschweizdaetwyler.ch\/#website\"},\"primaryImageOfPage\":{\"@id\":\"https:\/\/immobilienschweizdaetwyler.ch\/uber-uns\/#primaryimage\"},\"image\":{\"@id\":\"https:\/\/immobilienschweizdaetwyler.ch\/uber-uns\/#primaryimage\"},\"thumbnailUrl\":\"https:\/\/immobilienschweizdaetwyler.ch\/wp-content\/uploads\/2025\/12\/reinach-finals-interor-3-scaled.jpg\",\"datePublished\":\"2025-12-11T17:00:42+00:00\",\"dateModified\":\"2026-01-16T12:48:04+00:00\",\"description\":\"Die Immobilien Schweiz D\u00e4twyler &amp; Nafzger GmbH wurde 2007 aus der Immobilien Zentralschweiz D\u00e4twyler gegr\u00fcndet. Heute stehen wir f\u00fcr pers\u00f6nliche Immobilien Schweiz D\u00e4twyler & Nafzger \u2013 Ihr Partner f\u00fcr Kauf, Verkauf, Vermietung, Finanzierung und Projektentwicklung in der Zentralschweiz.\",\"breadcrumb\":{\"@id\":\"https:\/\/immobilienschweizdaetwyler.ch\/uber-uns\/#breadcrumb\"},\"inLanguage\":\"en-US\",\"potentialAction\":[{\"@type\":\"ReadAction\",\"target\":[\"https:\/\/immobilienschweizdaetwyler.ch\/uber-uns\/\"]}]},{\"@type\":\"ImageObject\",\"inLanguage\":\"en-US\",\"@id\":\"https:\/\/immobilienschweizdaetwyler.ch\/uber-uns\/#primaryimage\",\"url\":\"https:\/\/immobilienschweizdaetwyler.ch\/wp-content\/uploads\/2025\/12\/reinach-finals-interor-3-scaled.jpg\",\"contentUrl\":\"https:\/\/immobilienschweizdaetwyler.ch\/wp-content\/uploads\/2025\/12\/reinach-finals-interor-3-scaled.jpg\"},{\"@type\":\"BreadcrumbList\",\"@id\":\"https:\/\/immobilienschweizdaetwyler.ch\/uber-uns\/#breadcrumb\",\"itemListElement\":[{\"@type\":\"ListItem\",\"position\":1,\"name\":\"Home\",\"item\":\"https:\/\/immobilienschweizdaetwyler.ch\/\"},{\"@type\":\"ListItem\",\"position\":2,\"name\":\"\u00dcber uns\"}]},{\"@type\":\"WebSite\",\"@id\":\"https:\/\/immobilienschweizdaetwyler.ch\/#website\",\"url\":\"https:\/\/immobilienschweizdaetwyler.ch\/\",\"name\":\"Immobilien Schweiz D\u00e4twyler & Nafzger\",\"description\":\"Immobilien kaufen und verkaufen\",\"publisher\":{\"@id\":\"https:\/\/immobilienschweizdaetwyler.ch\/#organization\"},\"alternateName\":\"D\u00e4twyler Immobilien\",\"potentialAction\":[{\"@type\":\"SearchAction\",\"target\":{\"@type\":\"EntryPoint\",\"urlTemplate\":\"https:\/\/immobilienschweizdaetwyler.ch\/?s={search_term_string}\"},\"query-input\":{\"@type\":\"PropertyValueSpecification\",\"valueRequired\":true,\"valueName\":\"search_term_string\"}}],\"inLanguage\":\"en-US\"},{\"@type\":\"Organization\",\"@id\":\"https:\/\/immobilienschweizdaetwyler.ch\/#organization\",\"name\":\"Immobilien Schweiz\",\"url\":\"https:\/\/immobilienschweizdaetwyler.ch\/\",\"logo\":{\"@type\":\"ImageObject\",\"inLanguage\":\"en-US\",\"@id\":\"https:\/\/immobilienschweizdaetwyler.ch\/#\/schema\/logo\/image\/\",\"url\":\"https:\/\/immobilienschweizdaetwyler.ch\/wp-content\/uploads\/2025\/12\/Logo.png\",\"contentUrl\":\"https:\/\/immobilienschweizdaetwyler.ch\/wp-content\/uploads\/2025\/12\/Logo.png\",\"width\":400,\"height\":214,\"caption\":\"Immobilien Schweiz\"},\"image\":{\"@id\":\"https:\/\/immobilienschweizdaetwyler.ch\/#\/schema\/logo\/image\/\"}}]}<\/script>\n<!-- \/ Yoast SEO plugin. -->","yoast_head_json":{"title":"\u00dcber uns | Immobilien Schweiz kaufen, verkaufen und mieten","description":"Die Immobilien Schweiz D\u00e4twyler &amp; Nafzger GmbH wurde 2007 aus der Immobilien Zentralschweiz D\u00e4twyler gegr\u00fcndet. Heute stehen wir f\u00fcr pers\u00f6nliche Immobilien Schweiz D\u00e4twyler & Nafzger \u2013 Ihr Partner f\u00fcr Kauf, Verkauf, Vermietung, Finanzierung und Projektentwicklung in der Zentralschweiz.","robots":{"index":"index","follow":"follow","max-snippet":"max-snippet:-1","max-image-preview":"max-image-preview:large","max-video-preview":"max-video-preview:-1"},"canonical":"https:\/\/immobilienschweizdaetwyler.ch\/en\/uber-uns\/","og_locale":"en_US","og_type":"article","og_title":"\u00dcber uns | Immobilien Schweiz kaufen, verkaufen und mieten","og_description":"Die Immobilien Schweiz D\u00e4twyler &amp; Nafzger GmbH wurde 2007 aus der Immobilien Zentralschweiz D\u00e4twyler gegr\u00fcndet. Heute stehen wir f\u00fcr pers\u00f6nliche Immobilien Schweiz D\u00e4twyler & Nafzger \u2013 Ihr Partner f\u00fcr Kauf, Verkauf, Vermietung, Finanzierung und Projektentwicklung in der Zentralschweiz.","og_url":"https:\/\/immobilienschweizdaetwyler.ch\/en\/uber-uns\/","og_site_name":"Immobilien Schweiz kaufen, verkaufen und mieten","article_modified_time":"2026-01-16T12:48:04+00:00","og_image":[{"url":"https:\/\/immobilienschweizdaetwyler.ch\/wp-content\/uploads\/2025\/12\/reinach-finals-interor-3-scaled.jpg","type":"","width":"","height":""}],"twitter_card":"summary_large_image","twitter_misc":{"Est. reading time":"1 minute"},"schema":{"@context":"https:\/\/schema.org","@graph":[{"@type":"WebPage","@id":"https:\/\/immobilienschweizdaetwyler.ch\/uber-uns\/","url":"https:\/\/immobilienschweizdaetwyler.ch\/uber-uns\/","name":"\u00dcber uns | Immobilien Schweiz kaufen, verkaufen und mieten","isPartOf":{"@id":"https:\/\/immobilienschweizdaetwyler.ch\/#website"},"primaryImageOfPage":{"@id":"https:\/\/immobilienschweizdaetwyler.ch\/uber-uns\/#primaryimage"},"image":{"@id":"https:\/\/immobilienschweizdaetwyler.ch\/uber-uns\/#primaryimage"},"thumbnailUrl":"https:\/\/immobilienschweizdaetwyler.ch\/wp-content\/uploads\/2025\/12\/reinach-finals-interor-3-scaled.jpg","datePublished":"2025-12-11T17:00:42+00:00","dateModified":"2026-01-16T12:48:04+00:00","description":"Die Immobilien Schweiz D\u00e4twyler &amp; Nafzger GmbH wurde 2007 aus der Immobilien Zentralschweiz D\u00e4twyler gegr\u00fcndet. Heute stehen wir f\u00fcr pers\u00f6nliche Immobilien Schweiz D\u00e4twyler & Nafzger \u2013 Ihr Partner f\u00fcr Kauf, Verkauf, Vermietung, Finanzierung und Projektentwicklung in der Zentralschweiz.","breadcrumb":{"@id":"https:\/\/immobilienschweizdaetwyler.ch\/uber-uns\/#breadcrumb"},"inLanguage":"en-US","potentialAction":[{"@type":"ReadAction","target":["https:\/\/immobilienschweizdaetwyler.ch\/uber-uns\/"]}]},{"@type":"ImageObject","inLanguage":"en-US","@id":"https:\/\/immobilienschweizdaetwyler.ch\/uber-uns\/#primaryimage","url":"https:\/\/immobilienschweizdaetwyler.ch\/wp-content\/uploads\/2025\/12\/reinach-finals-interor-3-scaled.jpg","contentUrl":"https:\/\/immobilienschweizdaetwyler.ch\/wp-content\/uploads\/2025\/12\/reinach-finals-interor-3-scaled.jpg"},{"@type":"BreadcrumbList","@id":"https:\/\/immobilienschweizdaetwyler.ch\/uber-uns\/#breadcrumb","itemListElement":[{"@type":"ListItem","position":1,"name":"Home","item":"https:\/\/immobilienschweizdaetwyler.ch\/"},{"@type":"ListItem","position":2,"name":"\u00dcber uns"}]},{"@type":"WebSite","@id":"https:\/\/immobilienschweizdaetwyler.ch\/#website","url":"https:\/\/immobilienschweizdaetwyler.ch\/","name":"Immobilien Schweiz D\u00e4twyler & Nafzger","description":"Buying and selling real estate","publisher":{"@id":"https:\/\/immobilienschweizdaetwyler.ch\/#organization"},"alternateName":"D\u00e4twyler Immobilien","potentialAction":[{"@type":"SearchAction","target":{"@type":"EntryPoint","urlTemplate":"https:\/\/immobilienschweizdaetwyler.ch\/?s={search_term_string}"},"query-input":{"@type":"PropertyValueSpecification","valueRequired":true,"valueName":"search_term_string"}}],"inLanguage":"en-US"},{"@type":"Organization","@id":"https:\/\/immobilienschweizdaetwyler.ch\/#organization","name":"Real Estate Switzerland","url":"https:\/\/immobilienschweizdaetwyler.ch\/","logo":{"@type":"ImageObject","inLanguage":"en-US","@id":"https:\/\/immobilienschweizdaetwyler.ch\/#\/schema\/logo\/image\/","url":"https:\/\/immobilienschweizdaetwyler.ch\/wp-content\/uploads\/2025\/12\/Logo.png","contentUrl":"https:\/\/immobilienschweizdaetwyler.ch\/wp-content\/uploads\/2025\/12\/Logo.png","width":400,"height":214,"caption":"Immobilien Schweiz"},"image":{"@id":"https:\/\/immobilienschweizdaetwyler.ch\/#\/schema\/logo\/image\/"}}]}},"_links":{"self":[{"href":"https:\/\/immobilienschweizdaetwyler.ch\/en\/wp-json\/wp\/v2\/pages\/24","targetHints":{"allow":["GET"]}}],"collection":[{"href":"https:\/\/immobilienschweizdaetwyler.ch\/en\/wp-json\/wp\/v2\/pages"}],"about":[{"href":"https:\/\/immobilienschweizdaetwyler.ch\/en\/wp-json\/wp\/v2\/types\/page"}],"author":[{"embeddable":true,"href":"https:\/\/immobilienschweizdaetwyler.ch\/en\/wp-json\/wp\/v2\/users\/1"}],"replies":[{"embeddable":true,"href":"https:\/\/immobilienschweizdaetwyler.ch\/en\/wp-json\/wp\/v2\/comments?post=24"}],"version-history":[{"count":31,"href":"https:\/\/immobilienschweizdaetwyler.ch\/en\/wp-json\/wp\/v2\/pages\/24\/revisions"}],"predecessor-version":[{"id":775,"href":"https:\/\/immobilienschweizdaetwyler.ch\/en\/wp-json\/wp\/v2\/pages\/24\/revisions\/775"}],"wp:attachment":[{"href":"https:\/\/immobilienschweizdaetwyler.ch\/en\/wp-json\/wp\/v2\/media?parent=24"}],"curies":[{"name":"wp","href":"https:\/\/api.w.org\/{rel}","templated":true}]}}